{"id":6597,"date":"2021-01-09T12:01:55","date_gmt":"2021-01-09T11:01:55","guid":{"rendered":"https:\/\/annamcara.ch\/htm\/?page_id=6597"},"modified":"2025-01-16T21:04:10","modified_gmt":"2025-01-16T20:04:10","slug":"ritual-newsletter","status":"publish","type":"page","link":"https:\/\/annamcara.ch\/htm\/seminare\/ritual-newsletter\/","title":{"rendered":"Ritual-Newsletter"},"content":{"rendered":"<div id=\"pl-6597\"  class=\"panel-layout\" ><div id=\"pg-6597-0\"  class=\"panel-grid panel-no-style\" ><div id=\"pgc-6597-0-0\"  class=\"panel-grid-cell\" ><div id=\"panel-6597-0-0-0\" class=\"so-panel widget widget_sow-editor panel-first-child panel-last-child\" data-index=\"0\" ><div\n\t\t\t\n\t\t\tclass=\"so-widget-sow-editor so-widget-sow-editor-base\"\n\t\t\t\n\t\t>\n<div class=\"siteorigin-widget-tinymce textwidget\">\n\t<h3 style=\"color: #ffcc33;\"><strong>Rituale &amp; Zeremonien - Verbindung zu unseren Ahnen<\/strong><\/h3>\n<p><span style=\"font-size: 1.1rem;\">\u00bbDas Leben selbst ist eine Zeremonie, wert,<br \/>\nmit einer Zeremonie gefeiert zu werden.\u00ab<\/span><br \/>\n<span style=\"font-size: 0.75rem;\">Angaangaq<\/span><\/p>\n<p><span style=\"font-size: 1.1rem;\">In der Hektik unseres Alltags haben wir verlernt, Rituale und Zeremonien in unseren Tagesablauf zu integrieren. Doch wie schon mein&nbsp; \u00bbOnkel Angaangaq\u00ab sagt, ist das Leben eine Zeremonie und wert, dass wir Rituale und Zeremonien zelebrieren, heute, jetzt und immer dann, wenn es sich stimmig anf\u00fchlt. Weil mir dies schon als Kind so wichtig war und ich es bei und mit meiner Grossmama zelebriert habe, es mir so sehr am Herzen liegt, biete ich Euch hier meinen <b>Ritual- &amp; Zeremonie-Newsletter<\/b> an.<br \/>\nGemeinsam - Monat f\u00fcr Monat - Rituale &amp; Zeremonien durchf\u00fchren. Austausch in der entsprechenden WhatsApp-Gruppe.<\/span><\/p>\n<p><span style=\"font-size: 1.1rem;\">Denn Rituale und Zeremonien im Alltag geben uns Halt, Geborgenheit und vor allem Eigenverantwortung. Sie helfen uns zu verstehen und entsprechend zu handeln. Sie begleiten uns und lassen uns ihre Wirkung sp\u00fcren, verbinden uns mit den Elementen, unserem Ahnenwissen und schenken uns die Kraft, Energie und Verbindung zur Natur. <\/span><\/p>\n<p><strong><span style=\"font-size: 1.1rem;\">Ein Ritual \/ eine Zeremonie - ein Raum der Zeit und der Auszeit!<\/span><\/strong><\/p>\n<\/div>\n<\/div><\/div><\/div><\/div><div id=\"pg-6597-1\"  class=\"panel-grid panel-no-style\" ><div id=\"pgc-6597-1-0\"  class=\"panel-grid-cell\" ><div id=\"panel-6597-1-0-0\" class=\"so-panel widget widget_sow-image panel-first-child panel-last-child\" data-index=\"1\" ><div\n\t\t\t\n\t\t\tclass=\"so-widget-sow-image so-widget-sow-image-default-8b5b6f678277-6597\"\n\t\t\t\n\t\t>\n<div class=\"sow-image-container\">\n\t\t<img \n\tsrc=\"https:\/\/annamcara.ch\/htm\/wp-content\/uploads\/AnnamCara-Seminare-Ritual-NL-Spruchbild.png\" width=\"900\" height=\"600\" srcset=\"https:\/\/annamcara.ch\/htm\/wp-content\/uploads\/AnnamCara-Seminare-Ritual-NL-Spruchbild.png 900w, https:\/\/annamcara.ch\/htm\/wp-content\/uploads\/AnnamCara-Seminare-Ritual-NL-Spruchbild-300x200.png 300w, https:\/\/annamcara.ch\/htm\/wp-content\/uploads\/AnnamCara-Seminare-Ritual-NL-Spruchbild-768x512.png 768w, https:\/\/annamcara.ch\/htm\/wp-content\/uploads\/AnnamCara-Seminare-Ritual-NL-Spruchbild-272x182.png 272w\" sizes=\"(max-width: 706px) 89vw, (max-width: 767px) 82vw, 740px\" title=\"Seminare - Ritual-Newsletter - Spruchbild - Anna&#039;m&#039;Cara\" alt=\"Seminare - Ritual-Newsletter - Spruchbild - Anna&#039;m&#039;Cara\" \t\tclass=\"so-widget-image\"\/>\n\t<\/div>\n\n<\/div><\/div><\/div><div id=\"pgc-6597-1-1\"  class=\"panel-grid-cell\" ><div id=\"panel-6597-1-1-0\" class=\"so-panel widget widget_sow-image panel-first-child panel-last-child\" data-index=\"2\" ><div\n\t\t\t\n\t\t\tclass=\"so-widget-sow-image so-widget-sow-image-default-8b5b6f678277-6597\"\n\t\t\t\n\t\t>\n<div class=\"sow-image-container\">\n\t\t<img \n\tsrc=\"https:\/\/annamcara.ch\/htm\/wp-content\/uploads\/AnnamCara-Seminare-Ritual-NL-Weisheit.png\" width=\"900\" height=\"600\" srcset=\"https:\/\/annamcara.ch\/htm\/wp-content\/uploads\/AnnamCara-Seminare-Ritual-NL-Weisheit.png 900w, https:\/\/annamcara.ch\/htm\/wp-content\/uploads\/AnnamCara-Seminare-Ritual-NL-Weisheit-300x200.png 300w, https:\/\/annamcara.ch\/htm\/wp-content\/uploads\/AnnamCara-Seminare-Ritual-NL-Weisheit-768x512.png 768w, https:\/\/annamcara.ch\/htm\/wp-content\/uploads\/AnnamCara-Seminare-Ritual-NL-Weisheit-272x182.png 272w\" sizes=\"(max-width: 706px) 89vw, (max-width: 767px) 82vw, 740px\" title=\"Seminare - Ritual-Newsletter - Weisheit - Anna&#039;m&#039;Cara\" alt=\"Seminare - Ritual-Newsletter - Weisheit - Anna&#039;m&#039;Cara\" \t\tclass=\"so-widget-image\"\/>\n\t<\/div>\n\n<\/div><\/div><\/div><\/div><div id=\"pg-6597-2\"  class=\"panel-grid panel-no-style\" ><div id=\"pgc-6597-2-0\"  class=\"panel-grid-cell\" ><div id=\"panel-6597-2-0-0\" class=\"so-panel widget widget_sow-editor panel-first-child panel-last-child\" data-index=\"3\" ><div\n\t\t\t\n\t\t\tclass=\"so-widget-sow-editor so-widget-sow-editor-base\"\n\t\t\t\n\t\t>\n<div class=\"siteorigin-widget-tinymce textwidget\">\n\t<hr \/>\n<\/div>\n<\/div><\/div><\/div><\/div><div id=\"pg-6597-3\"  class=\"panel-grid panel-no-style\" ><div id=\"pgc-6597-3-0\"  class=\"panel-grid-cell\" ><div id=\"panel-6597-3-0-0\" class=\"so-panel widget widget_sow-editor panel-first-child panel-last-child\" data-index=\"4\" ><div\n\t\t\t\n\t\t\tclass=\"so-widget-sow-editor so-widget-sow-editor-base\"\n\t\t\t\n\t\t>\n<div class=\"siteorigin-widget-tinymce textwidget\">\n\t<h3 style=\"color: #ffcc33;\"><strong>Jahres-Abonnement<\/strong><\/h3>\n<p><span style=\"font-size: 1.1rem;\"><b>Ablauf:<\/b><\/span><br \/>\n<span style=\"font-size: 1.1rem;\">Nach definitiver Anmeldung und Zahlung des Honorars, erh\u00e4ltst Du monatlich den Ritual-Newsletter per Mail. Jeweils mit einem Ritual inkl. genauer Erkl\u00e4rung zur Durchf\u00fchrung, Vorbereitung, Infos etc.<\/span><\/p>\n<p><span style=\"font-size: 1.1rem;\"><b>Inhalt:<\/b><\/span><br \/>\n<span style=\"font-size: 1.1rem;\">12 Newsletter - Versand jeweils am 25. des Monats<\/span><\/p>\n<p><span style=\"font-size: 1.1rem;\"><b>Anmeldung:<\/b><\/span><br \/>\n<span style=\"font-size: 1.1rem;\">jeweils bis sp\u00e4testens 20. des Monats m\u00f6glich<\/span><\/p>\n<\/div>\n<\/div><\/div><\/div><div id=\"pgc-6597-3-1\"  class=\"panel-grid-cell\" ><div id=\"panel-6597-3-1-0\" class=\"so-panel widget widget_sow-editor panel-first-child panel-last-child\" data-index=\"5\" ><div\n\t\t\t\n\t\t\tclass=\"so-widget-sow-editor so-widget-sow-editor-base\"\n\t\t\t\n\t\t>\n<div class=\"siteorigin-widget-tinymce textwidget\">\n\t<h3 style=\"color: #ffcc33;\"><strong>&nbsp;<\/strong><\/h3>\n<p><span style=\"font-size: 1.1rem;\"><b>Kosten:<\/b><br \/>\n<\/span><br \/>\n<span style=\"color: #ffcc33; font-size: 1.5rem;\"><strong>CHF\/EUR&nbsp;&nbsp;216.--<\/strong><\/span><br \/>\n<span style=\"font-size: 1.1rem;\">(f\u00fcr ein Kalenderjahr)<br \/>\n&nbsp;<br \/>\n<\/span><br \/>\n<span style=\"font-size: 1.1rem;\"><b>Zahlung:<\/b><\/span><br \/>\n<span style=\"font-size: 1.1rem;\">Via Paypal, Twint oder Bank\u00fcberweisung.<br \/>\nZahlungsdetails im Best\u00e4tigungsmail.<\/span><\/p>\n<\/div>\n<\/div><\/div><\/div><\/div><div id=\"pg-6597-4\"  class=\"panel-grid panel-no-style\" ><div id=\"pgc-6597-4-0\"  class=\"panel-grid-cell panel-grid-cell-empty\" ><\/div><div id=\"pgc-6597-4-1\"  class=\"panel-grid-cell panel-grid-cell-mobile-last\" ><div id=\"panel-6597-4-1-0\" class=\"so-panel widget widget_sow-button panel-first-child panel-last-child\" data-index=\"6\" ><div\n\t\t\t\n\t\t\tclass=\"so-widget-sow-button so-widget-sow-button-atom-77ccf0941dba-6597\"\n\t\t\t\n\t\t><div class=\"ow-button-base ow-button-align-center\"\n>\n\t\t\t<a\n\t\t\t\t\thref=\"mailto:info@annamcara.ch?subject=Anmeldung%20-%20Ritual-Newsletter\"\n\t\t\t\t\tclass=\"sowb-button ow-icon-placement-left ow-button-hover\" target=\"_blank\" rel=\"noopener noreferrer\" \t>\n\t\t<span>\n\t\t\t\n\t\t\tJetzt kostenpflichtig anmelden!\t\t<\/span>\n\t\t\t<\/a>\n\t<\/div>\n<\/div><\/div><\/div><div id=\"pgc-6597-4-2\"  class=\"panel-grid-cell panel-grid-cell-empty\" ><\/div><\/div><\/div>","protected":false},"excerpt":{"rendered":"<p>Rituale &amp; Zeremonien &#8211; Verbindung zu unseren Ahnen \u00bbDas Leben selbst ist eine Zeremonie, wert, mit einer Zeremonie gefeiert zu werden.\u00ab Angaangaq In der Hektik unseres Alltags haben wir verlernt, Rituale und Zeremonien in unseren Tagesablauf zu integrieren. Doch wie schon mein&nbsp; \u00bbOnkel Angaangaq\u00ab sagt, ist das Leben eine Zeremonie und wert, dass wir Rituale &hellip; <\/p>\n<p class=\"link-more\"><a href=\"https:\/\/annamcara.ch\/htm\/seminare\/ritual-newsletter\/\" class=\"more-link\"><span class=\"screen-reader-text\">\u201eRitual-Newsletter\u201c<\/span> weiterlesen<\/a><\/p>\n","protected":false},"author":2,"featured_media":0,"parent":18710,"menu_order":2,"comment_status":"closed","ping_status":"closed","template":"","meta":{"ngg_post_thumbnail":0,"footnotes":""},"class_list":["post-6597","page","type-page","status-publish","hentry"],"_links":{"self":[{"href":"https:\/\/annamcara.ch\/htm\/wp-json\/wp\/v2\/pages\/6597","targetHints":{"allow":["GET"]}}],"collection":[{"href":"https:\/\/annamcara.ch\/htm\/wp-json\/wp\/v2\/pages"}],"about":[{"href":"https:\/\/annamcara.ch\/htm\/wp-json\/wp\/v2\/types\/page"}],"author":[{"embeddable":true,"href":"https:\/\/annamcara.ch\/htm\/wp-json\/wp\/v2\/users\/2"}],"replies":[{"embeddable":true,"href":"https:\/\/annamcara.ch\/htm\/wp-json\/wp\/v2\/comments?post=6597"}],"version-history":[{"count":72,"href":"https:\/\/annamcara.ch\/htm\/wp-json\/wp\/v2\/pages\/6597\/revisions"}],"predecessor-version":[{"id":19035,"href":"https:\/\/annamcara.ch\/htm\/wp-json\/wp\/v2\/pages\/6597\/revisions\/19035"}],"up":[{"embeddable":true,"href":"https:\/\/annamcara.ch\/htm\/wp-json\/wp\/v2\/pages\/18710"}],"wp:attachment":[{"href":"https:\/\/annamcara.ch\/htm\/wp-json\/wp\/v2\/media?parent=6597"}],"curies":[{"name":"wp","href":"https:\/\/api.w.org\/{rel}","templated":true}]}}