{"id":19551,"date":"2025-12-11T23:10:28","date_gmt":"2025-12-11T22:10:28","guid":{"rendered":"https:\/\/annamcara.ch\/htm\/?page_id=19551"},"modified":"2025-12-11T23:16:01","modified_gmt":"2025-12-11T22:16:01","slug":"cacao-zeremonie","status":"publish","type":"page","link":"https:\/\/annamcara.ch\/htm\/seminare\/cacao-zeremonie\/","title":{"rendered":"Cacao &#8211; Zeremonie"},"content":{"rendered":"<div id=\"pl-19551\"  class=\"panel-layout\" ><div id=\"pg-19551-0\"  class=\"panel-grid panel-no-style\" ><div id=\"pgc-19551-0-0\"  class=\"panel-grid-cell\" ><div id=\"panel-19551-0-0-0\" class=\"so-panel widget widget_sow-editor panel-first-child panel-last-child\" data-index=\"0\" ><div\n\t\t\t\n\t\t\tclass=\"so-widget-sow-editor so-widget-sow-editor-base\"\n\t\t\t\n\t\t>\n<div class=\"siteorigin-widget-tinymce textwidget\">\n\t<h3 style=\"color: #ffcc33;\"><strong>JAHRESENDRITUAL & CACAO-ZERMONIE<\/strong><\/h3>\n<\/div>\n<\/div><\/div><\/div><\/div><div id=\"pg-19551-1\"  class=\"panel-grid panel-no-style\" ><div id=\"pgc-19551-1-0\"  class=\"panel-grid-cell\" ><div id=\"panel-19551-1-0-0\" class=\"so-panel widget widget_sow-image panel-first-child panel-last-child\" data-index=\"1\" ><div\n\t\t\t\n\t\t\tclass=\"so-widget-sow-image so-widget-sow-image-default-8b5b6f678277-19551\"\n\t\t\t\n\t\t>\n<div class=\"sow-image-container\">\n\t\t<img \n\tsrc=\"https:\/\/annamcara.ch\/htm\/wp-content\/uploads\/AnnamCara-Seminar-Cacao-Jurte-Spruchbild-1.png\" width=\"900\" height=\"600\" srcset=\"https:\/\/annamcara.ch\/htm\/wp-content\/uploads\/AnnamCara-Seminar-Cacao-Jurte-Spruchbild-1.png 900w, https:\/\/annamcara.ch\/htm\/wp-content\/uploads\/AnnamCara-Seminar-Cacao-Jurte-Spruchbild-1-300x200.png 300w, https:\/\/annamcara.ch\/htm\/wp-content\/uploads\/AnnamCara-Seminar-Cacao-Jurte-Spruchbild-1-768x512.png 768w, https:\/\/annamcara.ch\/htm\/wp-content\/uploads\/AnnamCara-Seminar-Cacao-Jurte-Spruchbild-1-272x182.png 272w\" sizes=\"(max-width: 706px) 89vw, (max-width: 767px) 82vw, 740px\" title=\"Anna&#039;mCara - Seminare - Spruchbild - Cacao-Zeremonie\" alt=\"Anna&#039;mCara - Seminare - Spruchbild - Cacao-Zeremonie\" \t\tclass=\"so-widget-image\"\/>\n\t<\/div>\n\n<\/div><\/div><\/div><div id=\"pgc-19551-1-1\"  class=\"panel-grid-cell\" ><div id=\"panel-19551-1-1-0\" class=\"so-panel widget widget_sow-image panel-first-child panel-last-child\" data-index=\"2\" ><div\n\t\t\t\n\t\t\tclass=\"so-widget-sow-image so-widget-sow-image-default-8b5b6f678277-19551\"\n\t\t\t\n\t\t>\n<div class=\"sow-image-container\">\n\t\t<img \n\tsrc=\"https:\/\/annamcara.ch\/htm\/wp-content\/uploads\/AnnamCara-Seminar-Cacao-Jurte-Weisheit.png\" width=\"900\" height=\"600\" srcset=\"https:\/\/annamcara.ch\/htm\/wp-content\/uploads\/AnnamCara-Seminar-Cacao-Jurte-Weisheit.png 900w, https:\/\/annamcara.ch\/htm\/wp-content\/uploads\/AnnamCara-Seminar-Cacao-Jurte-Weisheit-300x200.png 300w, https:\/\/annamcara.ch\/htm\/wp-content\/uploads\/AnnamCara-Seminar-Cacao-Jurte-Weisheit-768x512.png 768w, https:\/\/annamcara.ch\/htm\/wp-content\/uploads\/AnnamCara-Seminar-Cacao-Jurte-Weisheit-272x182.png 272w\" sizes=\"(max-width: 706px) 89vw, (max-width: 767px) 82vw, 740px\" title=\"Anna&#039;mCara - Seminare - Cacao-Zeremonie - Weisheit\" alt=\"Anna&#039;mCara - Seminare - Cacao-Zeremonie - Weisheit\" \t\tclass=\"so-widget-image\"\/>\n\t<\/div>\n\n<\/div><\/div><\/div><\/div><div id=\"pg-19551-2\"  class=\"panel-grid panel-no-style\" ><div id=\"pgc-19551-2-0\"  class=\"panel-grid-cell\" ><div id=\"panel-19551-2-0-0\" class=\"so-panel widget widget_sow-editor panel-first-child panel-last-child\" data-index=\"3\" ><div\n\t\t\t\n\t\t\tclass=\"so-widget-sow-editor so-widget-sow-editor-base\"\n\t\t\t\n\t\t>\n<div class=\"siteorigin-widget-tinymce textwidget\">\n\t<p><b>Jahresend Cacao-Zeremonie<\/b><\/p>\n<p>Gemeinsam meinen H\u00fcterinnenplatz verabschieden, zusammen dankbar auf das Jahr zur\u00fcckblicken und uns Hand in Hand auf das NEUE freuen, unsere Herzen \u00f6ffnen - im Schutz, beh\u00fctet und gef\u00fchrt durch Mama Cacao.&nbsp;<\/p>\n<p>Das wird eine sehr emotionale, intensive und beschwingte Cacao-Zeremonie.<br \/>\nIch freue mich auf unser gemeinsames Wirken und Weben.<\/p>\n<p><em>In Peru wird sie liebevoll \"Mama Cacao\" genannt, ein Pflanzenspirit, der uns die Sanftheit und Hingabe lehrt und uns begleitet auf dem Weg zu unserem wahren Wesen. Vertraue dem Klang der Trommel, den Stimmen der Natur und unseren eigenen T\u00f6nen. Lass dich tragen und erf\u00fcllen. Kehre zu deinem wahren Selbst zur\u00fcck.&nbsp;<\/em><\/p>\n<\/div>\n<\/div><\/div><\/div><\/div><div id=\"pg-19551-3\"  class=\"panel-grid panel-no-style\" ><div id=\"pgc-19551-3-0\"  class=\"panel-grid-cell\" ><div id=\"panel-19551-3-0-0\" class=\"so-panel widget widget_sow-editor panel-first-child panel-last-child\" data-index=\"4\" ><div\n\t\t\t\n\t\t\tclass=\"so-widget-sow-editor so-widget-sow-editor-base\"\n\t\t\t\n\t\t>\n<div class=\"siteorigin-widget-tinymce textwidget\">\n\t<hr \/>\n<\/div>\n<\/div><\/div><\/div><\/div><div id=\"pg-19551-4\"  class=\"panel-grid panel-no-style\" ><div id=\"pgc-19551-4-0\"  class=\"panel-grid-cell\" ><div id=\"panel-19551-4-0-0\" class=\"so-panel widget widget_sow-editor panel-first-child panel-last-child\" data-index=\"5\" ><div\n\t\t\t\n\t\t\tclass=\"so-widget-sow-editor so-widget-sow-editor-base\"\n\t\t\t\n\t\t>\n<div class=\"siteorigin-widget-tinymce textwidget\">\n\t<h3 style=\"color: #ffcc33; text-align: center;\"><strong>Termin<\/strong><\/h3>\n<p style=\"text-align: center;\"><span style=\"font-size: 1.5rem;\"><strong>Samstag, 20. Dezember 2025<\/strong><\/span><\/p>\n<h3 style=\"color: #ffcc33; text-align: center;\"><strong>Kursort<\/strong><\/h3>\n<p style=\"text-align: center;\"><span style=\"font-size: 1.1rem;\">Treffpunkt <strong>9:50 Uhr<\/strong> auf dem <a style=\"color: #ffcc33;\" title=\"Link zu Google - Parkplatz Bahnhof Zweisimmen\" href=\"https:\/\/www.google.com\/search?q=Bahnhof+Boltigen\" target=\"blank\" rel=\"noopener\"><strong>Parkplatz beim Bahnhof<\/strong><\/a> in <strong>Boltigen<\/strong>.<br \/>\nDort werden Fahrgemeinschaften gebildet, denn wir haben nur 2 Parkpl\u00e4tze, einen neben und einer vor unserer Garage.<\/span><\/p>\n<p><!--\n\n\n<\/p>\n\n\n\n<p style=\"text-align: center;\">&nbsp;Praxis Meru, Frutigenstrasse 21, 3600 Thun<\/p>\n\n\n\n\n--><\/p>\n<h3 style=\"color: #ffcc33; text-align: center;\"><strong>Mitbringen<\/strong><\/h3>\n<p style=\"text-align: center;\"><span style=\"font-size: 1.1rem;\">Wolldecke, Fell (wer mag) Sitzkissen, evtl. Yogamatte, Kissen,<br \/>\n(du sollst es dir richtig gem\u00fctlich machen k\u00f6nnen)<br \/>\neigene Wasserflasche, etwas Pers\u00f6nliches f\u00fcr den Altar sowie<br \/>\netwas Vegetarisches od. Veganes f\u00fcr unser<br \/>\n\"Wir feiern die F\u00fclle des Lebens\"-Buffet<\/span><\/p>\n<p><!--\n\n\n<\/p>\n\n\n\n<p style=\"text-align: center;\">&nbsp;Praxis Meru, Frutigenstrasse 21, 3600 Thun<\/p>\n\n\n\n\n--><\/p>\n<\/div>\n<\/div><\/div><\/div><\/div><div id=\"pg-19551-5\"  class=\"panel-grid panel-no-style\" ><div id=\"pgc-19551-5-0\"  class=\"panel-grid-cell panel-grid-cell-empty panel-grid-cell-mobile-last\" ><\/div><div id=\"pgc-19551-5-1\"  class=\"panel-grid-cell panel-grid-cell-empty\" ><\/div><\/div><div id=\"pg-19551-6\"  class=\"panel-grid panel-no-style\" ><div id=\"pgc-19551-6-0\"  class=\"panel-grid-cell\" ><div id=\"panel-19551-6-0-0\" class=\"so-panel widget widget_sow-editor panel-first-child panel-last-child\" data-index=\"6\" ><div\n\t\t\t\n\t\t\tclass=\"so-widget-sow-editor so-widget-sow-editor-base\"\n\t\t\t\n\t\t>\n<div class=\"siteorigin-widget-tinymce textwidget\">\n\t<hr \/>\n<\/div>\n<\/div><\/div><\/div><\/div><div id=\"pg-19551-7\"  class=\"panel-grid panel-no-style\" ><div id=\"pgc-19551-7-0\"  class=\"panel-grid-cell\" ><div id=\"panel-19551-7-0-0\" class=\"so-panel widget widget_sow-editor panel-first-child panel-last-child\" data-index=\"7\" ><div\n\t\t\t\n\t\t\tclass=\"so-widget-sow-editor so-widget-sow-editor-base\"\n\t\t\t\n\t\t>\n<div class=\"siteorigin-widget-tinymce textwidget\">\n\t<h3 style=\"color: #ffcc33; text-align: center;\"><strong>Details<\/strong><\/h3>\n<\/div>\n<\/div><\/div><\/div><\/div><div id=\"pg-19551-8\"  class=\"panel-grid panel-no-style\" ><div id=\"pgc-19551-8-0\"  class=\"panel-grid-cell\" ><div id=\"panel-19551-8-0-0\" class=\"so-panel widget widget_sow-editor panel-first-child panel-last-child\" data-index=\"8\" ><div\n\t\t\t\n\t\t\tclass=\"so-widget-sow-editor so-widget-sow-editor-base\"\n\t\t\t\n\t\t>\n<div class=\"siteorigin-widget-tinymce textwidget\">\n\t<table>\n<tbody>\n<tr>\n<td valign=\"top\"><b>Zeiten:<\/b><\/td>\n<td><strong>10:00 - ca. 16:00<\/strong><\/td>\n<\/tr>\n<tr valign=\"top\" bgcolor=\"#fcf1d6\">\n<td><b>Wochentag:<\/b><\/td>\n<td>Samstag, 20. Dezember 2025<\/td>\n<\/tr>\n<tr valign=\"top\">\n<td><b>Pl\u00e4tze:<\/b><\/td>\n<td>mind. 6 \/ max. 9 Teilnehmende<br \/>\n<!--<strong><span style=\"color: #ff0000;\">nur noch 2 Pl\u00e4tze frei<\/span><\/strong>--><\/td>\n<\/tr>\n<tr valign=\"top\" bgcolor=\"#fcf1d6\">\n<td><b>Energie-<br \/>\nausgleich:<\/b><\/td>\n<td>CHF 144.--<\/td>\n<\/tr>\n<tr valign=\"top\">\n<td><b>Zahlung:<\/b><\/td>\n<td>Der Betrag wird vorab \u00fcberwiesen oder<br \/>\nsp\u00e4testens am Seminar passend in Bar bezahlt.<\/td>\n<\/tr>\n<tr valign=\"top\" bgcolor=\"#fcf1d6\">\n<td><b>Kursort:<\/b><\/td>\n<td><b>Praxis Anna'mCara,<\/b> Boltigen<\/td>\n<\/tr>\n<tr valign=\"top\">\n<td><b>Treffpunkt:<\/b><\/td>\n<td>Parkplatz - Bahnhof Boltigen<br \/>\n(siehe Link oben)<\/td>\n<\/tr>\n<\/tbody>\n<\/table>\n<\/div>\n<\/div><\/div><\/div><div id=\"pgc-19551-8-1\"  class=\"panel-grid-cell\" ><div id=\"panel-19551-8-1-0\" class=\"so-panel widget widget_sow-editor panel-first-child panel-last-child\" data-index=\"9\" ><div\n\t\t\t\n\t\t\tclass=\"so-widget-sow-editor so-widget-sow-editor-base\"\n\t\t\t\n\t\t>\n<div class=\"siteorigin-widget-tinymce textwidget\">\n\t<table>\n<tbody>\n<tr valign=\"top\">\n<td><b>Anmeldung:<\/b><\/td>\n<td>Dringend erforderlich, per Mail - <a style=\"color: #ffcc33;\" title=\"Anmeldung bei Anna'mCara zur Cacao-Zeremonie\" href=\"mailto:info@annamcara.ch?subject=Anmeldung f\u00fcr Cacao-Zeremonie Jurte\" target=\"blank\" rel=\"noopener\"><strong>info@annamcara.ch<\/strong><\/a><\/td>\n<\/tr>\n<tr valign=\"top\" bgcolor=\"#fcf1d6\">\n<td><b>Absage:<\/b><\/td>\n<td>Bei <strong>Absage einer fixgebuchten Seminar-<br \/>\nteilnahme<\/strong>, wird ein Unkostenbeitrag f\u00e4llig:<br \/>\n\u2022&nbsp;<strong>ab 7 Tage vor dem Anlass:<br \/>\n<\/strong>Unkosten&nbsp;<strong>CHF 50.-- <\/strong>oder Ersatzperson<br \/>\n\u2022&nbsp;<strong>ab 48 Std. vor dem Anlass:<br \/>\n<\/strong>Unkosten&nbsp;<strong>100% der Seminarkosten<br \/>\n<\/strong>oder Ersatzperson&nbsp;<\/td>\n<\/tr>\n<tr valign=\"top\">\n<td><b>Versicherung:<\/b><\/td>\n<td>Die Versicherung ist <strong>Sache des Teilnehmenden<\/strong> und sie\/er tr\u00e4gt in jedem Fall die Verantwortung f\u00fcr sich selber.<\/td>\n<\/tr>\n<\/tbody>\n<\/table>\n<\/div>\n<\/div><\/div><\/div><\/div><div id=\"pg-19551-9\"  class=\"panel-grid panel-has-style\" ><div class=\"panel-row-style panel-row-style-for-19551-9\" ><div id=\"pgc-19551-9-0\"  class=\"panel-grid-cell\" ><div id=\"panel-19551-9-0-0\" class=\"so-panel widget widget_sow-editor panel-first-child panel-last-child\" data-index=\"10\" ><div\n\t\t\t\n\t\t\tclass=\"so-widget-sow-editor so-widget-sow-editor-base\"\n\t\t\t\n\t\t>\n<div class=\"siteorigin-widget-tinymce textwidget\">\n\t<h3 style=\"color: #ff0000; text-align: center;\"><strong>Wichtiger Hinweis:<\/strong><\/h3>\n<p style=\"text-align: center;\"><span style=\"font-size: 1.1rem;\">Bitte beachte, falls du Psychopharmaka oder andere Medikamente nimmst,<br \/>\ndu aktuell Schwanger bist oder ernsthafte Herzprobleme hast,<br \/>\nteile mir das unbedingt mit, sodass wir gemeinsam schauen ko\u0308nnen,<br \/>\nob bzw. wie du an dem Ritual in dieser Form teilnehmen kannst.<\/span><\/p>\n<p><!--\n\n\n\n\n<h3 style=\"color: #ffcc33; text-align: center;\"><strong>Weitere Daten<\/strong><\/h3>\n\n\n\n\n\n\n<\/p>\n\n\n\n<p style=\"text-align: center;\"><span style=\"font-size: 1.1rem;\">Auf Grund der aktuellen Situation, werden die weiteren Daten fortlaufend bekannt gegeben.\nWir freuen uns auf ein klangvolles Miteinander. F\u00fchlt Euch herzlichst umarmt. \u2665<\/span>\n\n--><\/p>\n<\/div>\n<\/div><\/div><\/div><\/div><\/div><\/div>","protected":false},"excerpt":{"rendered":"<p>JAHRESENDRITUAL &#038; CACAO-ZERMONIE<\/p>\n","protected":false},"author":1,"featured_media":0,"parent":18710,"menu_order":2,"comment_status":"closed","ping_status":"closed","template":"","meta":{"ngg_post_thumbnail":0,"footnotes":""},"class_list":["post-19551","page","type-page","status-publish","hentry"],"_links":{"self":[{"href":"https:\/\/annamcara.ch\/htm\/wp-json\/wp\/v2\/pages\/19551","targetHints":{"allow":["GET"]}}],"collection":[{"href":"https:\/\/annamcara.ch\/htm\/wp-json\/wp\/v2\/pages"}],"about":[{"href":"https:\/\/annamcara.ch\/htm\/wp-json\/wp\/v2\/types\/page"}],"author":[{"embeddable":true,"href":"https:\/\/annamcara.ch\/htm\/wp-json\/wp\/v2\/users\/1"}],"replies":[{"embeddable":true,"href":"https:\/\/annamcara.ch\/htm\/wp-json\/wp\/v2\/comments?post=19551"}],"version-history":[{"count":4,"href":"https:\/\/annamcara.ch\/htm\/wp-json\/wp\/v2\/pages\/19551\/revisions"}],"predecessor-version":[{"id":19555,"href":"https:\/\/annamcara.ch\/htm\/wp-json\/wp\/v2\/pages\/19551\/revisions\/19555"}],"up":[{"embeddable":true,"href":"https:\/\/annamcara.ch\/htm\/wp-json\/wp\/v2\/pages\/18710"}],"wp:attachment":[{"href":"https:\/\/annamcara.ch\/htm\/wp-json\/wp\/v2\/media?parent=19551"}],"curies":[{"name":"wp","href":"https:\/\/api.w.org\/{rel}","templated":true}]}}