{"id":19532,"date":"2025-12-10T08:46:05","date_gmt":"2025-12-10T07:46:05","guid":{"rendered":"https:\/\/annamcara.ch\/htm\/?page_id=19532"},"modified":"2025-12-10T15:06:57","modified_gmt":"2025-12-10T14:06:57","slug":"seelenbotschaften-2026","status":"publish","type":"page","link":"https:\/\/annamcara.ch\/htm\/seminare\/seelenbotschaften-2026\/","title":{"rendered":"Seelenbotschaften 2026"},"content":{"rendered":"<div id=\"pl-19532\"  class=\"panel-layout\" ><div id=\"pg-19532-0\"  class=\"panel-grid panel-no-style\" ><div id=\"pgc-19532-0-0\"  class=\"panel-grid-cell\" ><div id=\"panel-19532-0-0-0\" class=\"so-panel widget widget_sow-editor panel-first-child panel-last-child\" data-index=\"0\" ><div\n\t\t\t\n\t\t\tclass=\"so-widget-sow-editor so-widget-sow-editor-base\"\n\t\t\t\n\t\t>\n<div class=\"siteorigin-widget-tinymce textwidget\">\n\t<h3 style=\"color: #ffcc33;\"><strong>Deine Seelenbotschaften f\u00fcr's Jahr 2026<\/strong><\/h3>\n<p><span style=\"color: #ff0000;\"><strong>ACHTUNG:<\/strong><\/span> <strong>Limitierte Anzahl!<\/strong> - <span style=\"color: #ff0000;\"><strong>NUR NOCH WENIGE PL\u00c4TZE FREI!!<\/strong><\/span><br \/>\n<!--<span style=\"color: #ff0000;\"><strong>ACHTUNG: AUSVERKAUFT!<\/strong><\/span>--><br \/>\nWas m\u00f6chte Dir Deine Seele f\u00fcr das neue Jahr mit auf den Weg geben?<\/p>\n<p>Dank euch und eurem Nachfragen, werde ich die Seelenbotschaften auch zu diesem Jahresende anbieten. Doch es wird anders sein, anders daher kommen, sich anders anf\u00fchlen - denn das Jahr 2026 steht f\u00fcr NEUbeginn, NEUanfang.<\/p>\n<p><strong>In den Tagen um Imbolc<\/strong>, wenn wir die Zeit des wachsenden Lichtes feiern, werde ich mit Deiner Seele fl\u00fcstern. Ich lasse mich ein, auf das NEUE, das Ungeschriebene und das Magische. Ich schreibe nieder, was da auf der Reise kommt, lasse mich von deinen Begleitern f\u00fchren und so entsteht ein ganz magisches Dokument, dass dich durch dein <strong>Jahr 2026<\/strong> begleiten darf!&nbsp;<\/p>\n<\/div>\n<\/div><\/div><\/div><\/div><div id=\"pg-19532-1\"  class=\"panel-grid panel-no-style\" ><div id=\"pgc-19532-1-0\"  class=\"panel-grid-cell\" ><div id=\"panel-19532-1-0-0\" class=\"so-panel widget widget_sow-image panel-first-child panel-last-child\" data-index=\"1\" ><div\n\t\t\t\n\t\t\tclass=\"so-widget-sow-image so-widget-sow-image-default-8b5b6f678277-19532\"\n\t\t\t\n\t\t>\n<div class=\"sow-image-container\">\n\t\t<img \n\tsrc=\"https:\/\/annamcara.ch\/htm\/wp-content\/uploads\/AnnamCara-Seminar-Seelenbotschaft26.jpg\" width=\"900\" height=\"600\" srcset=\"https:\/\/annamcara.ch\/htm\/wp-content\/uploads\/AnnamCara-Seminar-Seelenbotschaft26.jpg 900w, https:\/\/annamcara.ch\/htm\/wp-content\/uploads\/AnnamCara-Seminar-Seelenbotschaft26-300x200.jpg 300w, https:\/\/annamcara.ch\/htm\/wp-content\/uploads\/AnnamCara-Seminar-Seelenbotschaft26-768x512.jpg 768w, https:\/\/annamcara.ch\/htm\/wp-content\/uploads\/AnnamCara-Seminar-Seelenbotschaft26-272x182.jpg 272w\" sizes=\"(max-width: 706px) 89vw, (max-width: 767px) 82vw, 740px\" title=\"Seelenbotschaften f\u00fcr 2026 - Seminare &amp; Angebot - Anna&#039;m&#039;Cara\" alt=\"Seelenbotschaften f\u00fcr 2026 - Seminare &amp; Angebot - Anna&#039;m&#039;Cara\" \t\tclass=\"so-widget-image\"\/>\n\t<\/div>\n\n<\/div><\/div><\/div><div id=\"pgc-19532-1-1\"  class=\"panel-grid-cell\" ><div id=\"panel-19532-1-1-0\" class=\"so-panel widget widget_sow-editor panel-first-child panel-last-child\" data-index=\"2\" ><div\n\t\t\t\n\t\t\tclass=\"so-widget-sow-editor so-widget-sow-editor-base\"\n\t\t\t\n\t\t>\n<div class=\"siteorigin-widget-tinymce textwidget\">\n\t<p>In der Seelenbotschaft werde ich auch auf die Kr\u00e4fte der Zahlen des Jahres 2026 eingehen. Also die <strong>Kraft der Zahl 1<\/strong>. Ebenso werde ich Dir Deine Zahlen und somit die Farben f\u00fcr das Jahr 2026 erl\u00e4utern und dann die Seelenbotschaft deiner Seele weiterleiten, was immer da kommen darf an Information und Bildern. Eine PDF-Datei in A4 wird dich durch das neue Jahr, das Jahr 2026, begleiten.<\/p>\n<p>Gehen wir den Weg ein St\u00fcck gemeinsam, Hand in Hand.<br \/>\n<strong>Ich freue mich auf DICH.<\/strong><\/p>\n<\/div>\n<\/div><\/div><\/div><\/div><div id=\"pg-19532-2\"  class=\"panel-grid panel-no-style\" ><div id=\"pgc-19532-2-0\"  class=\"panel-grid-cell\" ><div id=\"panel-19532-2-0-0\" class=\"so-panel widget widget_sow-editor panel-first-child panel-last-child\" data-index=\"3\" ><div\n\t\t\t\n\t\t\tclass=\"so-widget-sow-editor so-widget-sow-editor-base\"\n\t\t\t\n\t\t>\n<div class=\"siteorigin-widget-tinymce textwidget\">\n\t<p>Bei diesen Botschaften kommunizieren wir ausschliesslich \u00fcber das Mail <a href=\"mailto:info@annamcara.ch\" title=\"Seelenbotschaft 2023\">info@annamcara.ch<\/a>.<br \/>\nIch werde die Botschaften schriftlich auf Deine mir mitgeteilte E-Mail-Adresse senden, damit Du diese Botschaft in schriftlicher Form hast und jederzeit wieder nachlesen kannst.<\/p>\n<p>Der Energieausgleich ist im Voraus zu leisten.<\/p>\n<\/div>\n<\/div><\/div><\/div><div id=\"pgc-19532-2-1\"  class=\"panel-grid-cell\" ><div id=\"panel-19532-2-1-0\" class=\"so-panel widget widget_sow-image panel-first-child panel-last-child\" data-index=\"4\" ><div\n\t\t\t\n\t\t\tclass=\"so-widget-sow-image so-widget-sow-image-default-e4c2d9f6c920-19532\"\n\t\t\t\n\t\t>\n<div class=\"sow-image-container\">\n\t\t<img \n\tsrc=\"https:\/\/annamcara.ch\/htm\/wp-content\/uploads\/link-schmetterling-entpuppt.png\" width=\"173\" height=\"120\" sizes=\"(max-width: 173px) 100vw, 173px\" title=\"Seelengefl\u00fcster - Der Schmetterling entpuppt sich\" alt=\"Seelengefl\u00fcster - Der Schmetterling entpuppt sich\" \t\tclass=\"so-widget-image\"\/>\n\t<\/div>\n\n<\/div><\/div><\/div><\/div><div id=\"pg-19532-3\"  class=\"panel-grid panel-no-style\" ><div id=\"pgc-19532-3-0\"  class=\"panel-grid-cell\" ><div id=\"panel-19532-3-0-0\" class=\"so-panel widget widget_sow-editor panel-first-child panel-last-child\" data-index=\"5\" ><div\n\t\t\t\n\t\t\tclass=\"so-widget-sow-editor so-widget-sow-editor-base\"\n\t\t\t\n\t\t>\n<div class=\"siteorigin-widget-tinymce textwidget\">\n\t<hr \/>\n<\/div>\n<\/div><\/div><\/div><\/div><div id=\"pg-19532-4\"  class=\"panel-grid panel-no-style\" ><div id=\"pgc-19532-4-0\"  class=\"panel-grid-cell\" ><div id=\"panel-19532-4-0-0\" class=\"so-panel widget widget_sow-editor panel-first-child panel-last-child\" data-index=\"6\" ><div\n\t\t\t\n\t\t\tclass=\"so-widget-sow-editor so-widget-sow-editor-base\"\n\t\t\t\n\t\t>\n<div class=\"siteorigin-widget-tinymce textwidget\">\n\t<p style=\"text-align: center;\"><strong>Seelenbotschaft 2026<\/strong><br \/>\nDu erh\u00e4ltst eine ausf\u00fchrliche Seelen-Botschaft f\u00fcr das Jahr 2026 als PDF-Datei per Mail.<br \/>\nEs ist m\u00f6glich nach Erhalt deiner Botschaft bei Unsicherheit oder Unklarheiten nachzufragen.<br \/>\nDiese Botschaft erh\u00e4ltst du bis <strong>Mitte \/ Ende FEBRUAR 2026<\/strong>.<br \/>\nSo bleibt gen\u00fcgend Zeit um mit Ritualen das NEUE Jahr zu begleiten<br \/>\nund dich ganz auf die Kraft der Zahl 1 sowie Deiner Botschaften und Ritualen einzulassen.<\/p>\n<h2 style=\"text-align: center;\">Energieausgleich: <span style=\"color: #ffcc33;\"><strong>CHF \/ EUR 136.00<\/strong><\/span><\/h2>\n<\/div>\n<\/div><\/div><\/div><\/div><div id=\"pg-19532-5\"  class=\"panel-grid panel-no-style\" ><div id=\"pgc-19532-5-0\"  class=\"panel-grid-cell panel-grid-cell-empty\" ><\/div><div id=\"pgc-19532-5-1\"  class=\"panel-grid-cell panel-grid-cell-mobile-last\" ><div id=\"panel-19532-5-1-0\" class=\"so-panel widget widget_sow-button panel-first-child panel-last-child\" data-index=\"7\" ><div\n\t\t\t\n\t\t\tclass=\"so-widget-sow-button so-widget-sow-button-atom-e7e52ba4439a-19532\"\n\t\t\t\n\t\t><div class=\"ow-button-base ow-button-align-center\"\n>\n\t\t\t<a\n\t\t\t\t\thref=\"mailto:info@annamcara.ch?subject=Anmeldung%20-%20Seelenbotschaft%202026\"\n\t\t\t\t\tclass=\"sowb-button ow-icon-placement-left ow-button-hover\" target=\"_blank\" rel=\"noopener noreferrer\" \t>\n\t\t<span>\n\t\t\t\n\t\t\tJetzt, kostenpflichtig bestellen...\t\t<\/span>\n\t\t\t<\/a>\n\t<\/div>\n<\/div><\/div><\/div><div id=\"pgc-19532-5-2\"  class=\"panel-grid-cell panel-grid-cell-empty\" ><\/div><\/div><div id=\"pg-19532-6\"  class=\"panel-grid panel-no-style\" ><div id=\"pgc-19532-6-0\"  class=\"panel-grid-cell\" ><div id=\"panel-19532-6-0-0\" class=\"so-panel widget widget_sow-editor panel-first-child panel-last-child\" data-index=\"8\" ><div\n\t\t\t\n\t\t\tclass=\"so-widget-sow-editor so-widget-sow-editor-base\"\n\t\t\t\n\t\t>\n<div class=\"siteorigin-widget-tinymce textwidget\">\n\t<hr \/>\n<\/div>\n<\/div><\/div><\/div><\/div><div id=\"pg-19532-7\"  class=\"panel-grid panel-no-style\" ><div id=\"pgc-19532-7-0\"  class=\"panel-grid-cell\" ><div id=\"panel-19532-7-0-0\" class=\"so-panel widget widget_sow-editor panel-first-child panel-last-child\" data-index=\"9\" ><div\n\t\t\t\n\t\t\tclass=\"so-widget-sow-editor so-widget-sow-editor-base\"\n\t\t\t\n\t\t>\n<div class=\"siteorigin-widget-tinymce textwidget\">\n\t<h3 style=\"color: #ffcc33;\"><strong>Zum Blog-Eintrag<\/strong><\/h3>\n<p><span style=\"color: #ffcc33;\"><strong>Seelengefl\u00fcster - Wenn Seelen sich mitteilen m\u00f6chten...<\/strong><\/span><\/p>\n<p>\"Wie fl\u00fcsterst du, sprichst du?\" - \"Wie funktioniert das?\" - \"Wie machst du das genau?\" werde ich immer wieder gefragt. Genau diese Fragen besch\u00e4ftigen mich\u2026<\/p>\n<p><a href=\"https:\/\/annamcara.ch\/htm\/2018\/12\/26\/seelengefluester\/\" title=\"Zum Blog-Eintrag - Seelengefl\u00fcster\" style=\"color: #ffcc33;\"><strong>...weiterlesen<\/strong><\/a><\/p>\n<\/div>\n<\/div><\/div><\/div><div id=\"pgc-19532-7-1\"  class=\"panel-grid-cell\" ><div id=\"panel-19532-7-1-0\" class=\"so-panel widget widget_sow-editor panel-first-child panel-last-child\" data-index=\"10\" ><div\n\t\t\t\n\t\t\tclass=\"so-widget-sow-editor so-widget-sow-editor-base\"\n\t\t\t\n\t\t>\n<div class=\"siteorigin-widget-tinymce textwidget\">\n\t<h3 style=\"color: #ffcc33;\"><strong>R\u00fcckmeldungen<\/strong><\/h3>\n<p><span style=\"color: #ffcc33;\"><strong>R\u00fcckmeldugen - Was andere dazu sagen...<\/strong><\/span><\/p>\n<p>Anna, ich danke dir, du gibst mir Trost und Kraft! Ich danke Dir, dass Du mir geschrieben hast! Ich umarme Dich innig und liebevoll!<\/p>\n<p><a href=\"https:\/\/annamcara.ch\/htm\/rueckmeldungen\/#seelen\" title=\"Zum den R\u00fcckmeldungen - Seelengefl\u00fcster\" style=\"color: #ffcc33;\"><strong>...weiterlesen<\/strong><\/a><\/p>\n<\/div>\n<\/div><\/div><\/div><\/div><div id=\"pg-19532-8\"  class=\"panel-grid panel-no-style\" ><div id=\"pgc-19532-8-0\"  class=\"panel-grid-cell\" ><div id=\"panel-19532-8-0-0\" class=\"so-panel widget widget_sow-editor panel-first-child panel-last-child\" data-index=\"11\" ><div\n\t\t\t\n\t\t\tclass=\"so-widget-sow-editor so-widget-sow-editor-base\"\n\t\t\t\n\t\t>\n<div class=\"siteorigin-widget-tinymce textwidget\">\n\t<hr \/>\n<\/div>\n<\/div><\/div><\/div><\/div><div id=\"pg-19532-9\"  class=\"panel-grid panel-no-style\" ><div id=\"pgc-19532-9-0\"  class=\"panel-grid-cell\" ><div id=\"panel-19532-9-0-0\" class=\"so-panel widget widget_sow-image panel-first-child panel-last-child\" data-index=\"12\" ><div\n\t\t\t\n\t\t\tclass=\"so-widget-sow-image so-widget-sow-image-default-8b5b6f678277-19532\"\n\t\t\t\n\t\t>\n<div class=\"sow-image-container\">\n\t\t<img \n\tsrc=\"https:\/\/annamcara.ch\/htm\/wp-content\/uploads\/AnnamCara-Seelenbotschaften-Spruchbild.png\" width=\"900\" height=\"600\" srcset=\"https:\/\/annamcara.ch\/htm\/wp-content\/uploads\/AnnamCara-Seelenbotschaften-Spruchbild.png 900w, https:\/\/annamcara.ch\/htm\/wp-content\/uploads\/AnnamCara-Seelenbotschaften-Spruchbild-300x200.png 300w, https:\/\/annamcara.ch\/htm\/wp-content\/uploads\/AnnamCara-Seelenbotschaften-Spruchbild-768x512.png 768w, https:\/\/annamcara.ch\/htm\/wp-content\/uploads\/AnnamCara-Seelenbotschaften-Spruchbild-272x182.png 272w\" sizes=\"(max-width: 706px) 89vw, (max-width: 767px) 82vw, 740px\" title=\"Foto - Seelenbotschaft - W\u00fcnsche &amp; F\u00e4higkeiten - Anna&#039;m&#039;Cara\" alt=\"Foto - Seelenbotschaft - W\u00fcnsche &amp; F\u00e4higkeiten - Anna&#039;m&#039;Cara\" \t\tclass=\"so-widget-image\"\/>\n\t<\/div>\n\n<\/div><\/div><\/div><div id=\"pgc-19532-9-1\"  class=\"panel-grid-cell\" ><div id=\"panel-19532-9-1-0\" class=\"so-panel widget widget_sow-image panel-first-child panel-last-child\" data-index=\"13\" ><div\n\t\t\t\n\t\t\tclass=\"so-widget-sow-image so-widget-sow-image-default-8b5b6f678277-19532\"\n\t\t\t\n\t\t>\n<div class=\"sow-image-container\">\n\t\t<img \n\tsrc=\"https:\/\/annamcara.ch\/htm\/wp-content\/uploads\/AnnamCara-Seelenbotschaften-Weisheit.png\" width=\"900\" height=\"600\" srcset=\"https:\/\/annamcara.ch\/htm\/wp-content\/uploads\/AnnamCara-Seelenbotschaften-Weisheit.png 900w, https:\/\/annamcara.ch\/htm\/wp-content\/uploads\/AnnamCara-Seelenbotschaften-Weisheit-300x200.png 300w, https:\/\/annamcara.ch\/htm\/wp-content\/uploads\/AnnamCara-Seelenbotschaften-Weisheit-768x512.png 768w, https:\/\/annamcara.ch\/htm\/wp-content\/uploads\/AnnamCara-Seelenbotschaften-Weisheit-272x182.png 272w\" sizes=\"(max-width: 706px) 89vw, (max-width: 767px) 82vw, 740px\" title=\"Weisheit - Seelenbotschaft - W\u00fcnsche &amp; F\u00e4higkeiten - Anna&#039;m&#039;Cara\" alt=\"Weisheit - Seelenbotschaft - W\u00fcnsche &amp; F\u00e4higkeiten - Anna&#039;m&#039;Cara\" \t\tclass=\"so-widget-image\"\/>\n\t<\/div>\n\n<\/div><\/div><\/div><\/div><\/div>","protected":false},"excerpt":{"rendered":"<p>Deine Seelenbotschaften f\u00fcr&#8217;s Jahr 2026 ACHTUNG: Limitierte Anzahl! &#8211; NUR NOCH WENIGE PL\u00c4TZE FREI!! Was m\u00f6chte Dir Deine Seele f\u00fcr das neue Jahr mit auf den Weg geben? Dank euch und eurem Nachfragen, werde ich die Seelenbotschaften auch zu diesem Jahresende anbieten. Doch es wird anders sein, anders daher kommen, sich anders anf\u00fchlen &#8211; denn &hellip; <\/p>\n<p class=\"link-more\"><a href=\"https:\/\/annamcara.ch\/htm\/seminare\/seelenbotschaften-2026\/\" class=\"more-link\"><span class=\"screen-reader-text\">\u201eSeelenbotschaften 2026\u201c<\/span> weiterlesen<\/a><\/p>\n","protected":false},"author":1,"featured_media":0,"parent":18710,"menu_order":0,"comment_status":"closed","ping_status":"closed","template":"","meta":{"ngg_post_thumbnail":0,"footnotes":""},"class_list":["post-19532","page","type-page","status-publish","hentry"],"_links":{"self":[{"href":"https:\/\/annamcara.ch\/htm\/wp-json\/wp\/v2\/pages\/19532","targetHints":{"allow":["GET"]}}],"collection":[{"href":"https:\/\/annamcara.ch\/htm\/wp-json\/wp\/v2\/pages"}],"about":[{"href":"https:\/\/annamcara.ch\/htm\/wp-json\/wp\/v2\/types\/page"}],"author":[{"embeddable":true,"href":"https:\/\/annamcara.ch\/htm\/wp-json\/wp\/v2\/users\/1"}],"replies":[{"embeddable":true,"href":"https:\/\/annamcara.ch\/htm\/wp-json\/wp\/v2\/comments?post=19532"}],"version-history":[{"count":6,"href":"https:\/\/annamcara.ch\/htm\/wp-json\/wp\/v2\/pages\/19532\/revisions"}],"predecessor-version":[{"id":19539,"href":"https:\/\/annamcara.ch\/htm\/wp-json\/wp\/v2\/pages\/19532\/revisions\/19539"}],"up":[{"embeddable":true,"href":"https:\/\/annamcara.ch\/htm\/wp-json\/wp\/v2\/pages\/18710"}],"wp:attachment":[{"href":"https:\/\/annamcara.ch\/htm\/wp-json\/wp\/v2\/media?parent=19532"}],"curies":[{"name":"wp","href":"https:\/\/api.w.org\/{rel}","templated":true}]}}