{"id":18372,"date":"2024-06-16T11:20:18","date_gmt":"2024-06-16T10:20:18","guid":{"rendered":"https:\/\/annamcara.ch\/htm\/?page_id=18372"},"modified":"2025-01-16T21:04:49","modified_gmt":"2025-01-16T20:04:49","slug":"individueller-schamanismus","status":"publish","type":"page","link":"https:\/\/annamcara.ch\/htm\/seminare\/individueller-schamanismus\/","title":{"rendered":"Individueller Schamanismus"},"content":{"rendered":"<div id=\"pl-18372\"  class=\"panel-layout\" ><div id=\"pg-18372-0\"  class=\"panel-grid panel-no-style\" ><div id=\"pgc-18372-0-0\"  class=\"panel-grid-cell\" ><div id=\"panel-18372-0-0-0\" class=\"so-panel widget widget_sow-editor panel-first-child panel-last-child\" data-index=\"0\" ><div\n\t\t\t\n\t\t\tclass=\"so-widget-sow-editor so-widget-sow-editor-base\"\n\t\t\t\n\t\t>\n<div class=\"siteorigin-widget-tinymce textwidget\">\n\t<h3 style=\"color: #ffcc33;\"><strong>AUSBILDUNG:<br \/>\nIndividuelle Ausbildung - Dein schamanischer Weg<\/strong><\/h3>\n<\/div>\n<\/div><\/div><\/div><\/div><div id=\"pg-18372-1\"  class=\"panel-grid panel-no-style\" ><div id=\"pgc-18372-1-0\"  class=\"panel-grid-cell\" ><div id=\"panel-18372-1-0-0\" class=\"so-panel widget widget_sow-editor panel-first-child panel-last-child\" data-index=\"1\" ><div\n\t\t\t\n\t\t\tclass=\"so-widget-sow-editor so-widget-sow-editor-base\"\n\t\t\t\n\t\t>\n<div class=\"siteorigin-widget-tinymce textwidget\">\n\t<h3><strong>Schamanisches Wissen \u2013 Kraftquelle und Lebenseinstellung<\/strong><\/h3>\n<p>Du bist auf deinem schamanischen Weg und m\u00f6chtest ganz individuell auf dich passend Wissen erlangen? Mehr und mehr Themen vertiefen und deinen ganz eigenen Pfad des Schamanismus beschreiten?<\/p>\n<p>Gerne stehe ich an deiner Seite und f\u00fchre dich tiefer und tiefer in dein eigenes Potential. Gemeinsam definieren wir die Art und die Themen deiner individuellen Begleitung und erforschen dein sch\u00f6pferisches Sein.<\/p>\n<\/div>\n<\/div><\/div><\/div><\/div><div id=\"pg-18372-2\"  class=\"panel-grid panel-no-style\" ><div id=\"pgc-18372-2-0\"  class=\"panel-grid-cell\" ><div id=\"panel-18372-2-0-0\" class=\"so-panel widget widget_sow-image panel-first-child panel-last-child\" data-index=\"2\" ><div\n\t\t\t\n\t\t\tclass=\"so-widget-sow-image so-widget-sow-image-default-8b5b6f678277-18372\"\n\t\t\t\n\t\t>\n<div class=\"sow-image-container\">\n\t\t<img \n\tsrc=\"https:\/\/annamcara.ch\/htm\/wp-content\/uploads\/AnnamCara-Ausbildung-Individueller-Schamanismus-Spruchbild.png\" width=\"900\" height=\"600\" srcset=\"https:\/\/annamcara.ch\/htm\/wp-content\/uploads\/AnnamCara-Ausbildung-Individueller-Schamanismus-Spruchbild.png 900w, https:\/\/annamcara.ch\/htm\/wp-content\/uploads\/AnnamCara-Ausbildung-Individueller-Schamanismus-Spruchbild-300x200.png 300w, https:\/\/annamcara.ch\/htm\/wp-content\/uploads\/AnnamCara-Ausbildung-Individueller-Schamanismus-Spruchbild-768x512.png 768w, https:\/\/annamcara.ch\/htm\/wp-content\/uploads\/AnnamCara-Ausbildung-Individueller-Schamanismus-Spruchbild-272x182.png 272w\" sizes=\"(max-width: 706px) 89vw, (max-width: 767px) 82vw, 740px\" title=\"Anna&#039;mCara - Ausbildung - Individuelle Ausbildung Schamanismus - Spruchbild\" alt=\"Anna&#039;mCara - Ausbildung - Individuelle Ausbildung Schamanismus - Spruchbild\" \t\tclass=\"so-widget-image\"\/>\n\t<\/div>\n\n<\/div><\/div><\/div><div id=\"pgc-18372-2-1\"  class=\"panel-grid-cell\" ><div id=\"panel-18372-2-1-0\" class=\"so-panel widget widget_sow-image panel-first-child panel-last-child\" data-index=\"3\" ><div\n\t\t\t\n\t\t\tclass=\"so-widget-sow-image so-widget-sow-image-default-8b5b6f678277-18372\"\n\t\t\t\n\t\t>\n<div class=\"sow-image-container\">\n\t\t<img \n\tsrc=\"https:\/\/annamcara.ch\/htm\/wp-content\/uploads\/AnnamCara-Ausbildung-Individueller-Schamanismus-Weisheit.png\" width=\"900\" height=\"600\" srcset=\"https:\/\/annamcara.ch\/htm\/wp-content\/uploads\/AnnamCara-Ausbildung-Individueller-Schamanismus-Weisheit.png 900w, https:\/\/annamcara.ch\/htm\/wp-content\/uploads\/AnnamCara-Ausbildung-Individueller-Schamanismus-Weisheit-300x200.png 300w, https:\/\/annamcara.ch\/htm\/wp-content\/uploads\/AnnamCara-Ausbildung-Individueller-Schamanismus-Weisheit-768x512.png 768w, https:\/\/annamcara.ch\/htm\/wp-content\/uploads\/AnnamCara-Ausbildung-Individueller-Schamanismus-Weisheit-272x182.png 272w\" sizes=\"(max-width: 706px) 89vw, (max-width: 767px) 82vw, 740px\" title=\"Anna&#039;mCara - Ausbildung - Individuelle Ausbildung Schamanismus - Weisheit\" alt=\"Anna&#039;mCara - Ausbildung - Individuelle Ausbildung Schamanismus - Weisheit\" \t\tclass=\"so-widget-image\"\/>\n\t<\/div>\n\n<\/div><\/div><\/div><\/div><div id=\"pg-18372-3\"  class=\"panel-grid panel-no-style\" ><div id=\"pgc-18372-3-0\"  class=\"panel-grid-cell\" ><div id=\"panel-18372-3-0-0\" class=\"so-panel widget widget_sow-editor panel-first-child panel-last-child\" data-index=\"4\" ><div\n\t\t\t\n\t\t\tclass=\"so-widget-sow-editor so-widget-sow-editor-base\"\n\t\t\t\n\t\t>\n<div class=\"siteorigin-widget-tinymce textwidget\">\n\t<p><span style=\"font-size: 1.1rem;\"><strong>Erkenne deinen Weg \u2013 wisse wo du stehst \u2013 folge dem Ruf.<\/strong><\/span><\/p>\n<p>Gerne werde ich dir mein Wissen weitergeben, mit dir deine Gaben ins Licht holen und gemeinsam werden wir deine Rituale, deine Zeremonien und dein Licht n\u00e4hren. Individuell auf dich, deine Seele und deinen Weg ausgerichtet. Ob f\u00fcr 2-3 Stunden, tageweise oder wie es f\u00fcr dich geht. Wir finden gemeinsam den stimmigen Pfad. Lass uns beginnen...und erinnere DICH!<\/p>\n<\/div>\n<\/div><\/div><\/div><\/div><div id=\"pg-18372-4\"  class=\"panel-grid panel-no-style\" ><div id=\"pgc-18372-4-0\"  class=\"panel-grid-cell\" ><div id=\"panel-18372-4-0-0\" class=\"so-panel widget widget_sow-editor panel-first-child panel-last-child\" data-index=\"5\" ><div\n\t\t\t\n\t\t\tclass=\"so-widget-sow-editor so-widget-sow-editor-base\"\n\t\t\t\n\t\t>\n<div class=\"siteorigin-widget-tinymce textwidget\">\n\t<hr \/>\n<\/div>\n<\/div><\/div><\/div><\/div><div id=\"pg-18372-5\"  class=\"panel-grid panel-no-style\" ><div id=\"pgc-18372-5-0\"  class=\"panel-grid-cell\" ><div id=\"panel-18372-5-0-0\" class=\"so-panel widget widget_sow-editor panel-first-child panel-last-child\" data-index=\"6\" ><div\n\t\t\t\n\t\t\tclass=\"so-widget-sow-editor so-widget-sow-editor-base\"\n\t\t\t\n\t\t>\n<div class=\"siteorigin-widget-tinymce textwidget\">\n\t<h3 style=\"color: #ffcc33; text-align: center;\"><strong>Start deiner individuellen schamanischen Ausbildung<\/strong><\/h3>\n<p style=\"text-align: center;\"><span style=\"font-size: 1.1rem;\">Gemeinsam definieren wir die Art und Dauer deiner Ausbildung,<br \/>\nwelche von deinen Themen, deinem Weg und<br \/>\ndir selbst geformt werden darf.<\/span><\/p>\n<p><!--\n\n\n\n\n\n\n<h3 style=\"color: #ffcc33; text-align: center;\"><b>Zeiten:<\/b><\/h3>\n\n\n\n\n\n\n\n\n<\/p>\n\n\n\n\n\n\n\n<p style=\"text-align: center;\"><span style=\"font-size: 1.1rem;\">09:00 - 12:30 Uhr \/ 13:30 - 17:00 Uhr<\/span><\/p>\n\n\n\n\n\n\n\n\n\n\n\n\n\n<h3 style=\"color: #ffcc33; text-align: center;\"><strong>Mitbringen:<\/strong><\/h3>\n\n\n\n\n\n\n\n\n\n\n\n\n<p style=\"text-align: center;\"><span style=\"font-size: 1.1rem;\">Verpflegung (Mittagessen) &amp; eigene Getr\u00e4nke f\u00fcr den Tag, Wolldecke &amp; Kissen, Matte,\netwas zum Schreiben f\u00fcr Notizen, bequeme Kleidung, dicke Socken bzw. Finken<\/span>\n\n--><\/p>\n<\/div>\n<\/div><\/div><\/div><\/div><div id=\"pg-18372-6\"  class=\"panel-grid panel-no-style\" ><div id=\"pgc-18372-6-0\"  class=\"panel-grid-cell\" ><div id=\"panel-18372-6-0-0\" class=\"so-panel widget widget_sow-editor panel-first-child panel-last-child\" data-index=\"7\" ><div\n\t\t\t\n\t\t\tclass=\"so-widget-sow-editor so-widget-sow-editor-base\"\n\t\t\t\n\t\t>\n<div class=\"siteorigin-widget-tinymce textwidget\">\n\t<hr \/>\n<\/div>\n<\/div><\/div><\/div><\/div><div id=\"pg-18372-7\"  class=\"panel-grid panel-no-style\" ><div id=\"pgc-18372-7-0\"  class=\"panel-grid-cell panel-grid-cell-empty\" ><\/div><div id=\"pgc-18372-7-1\"  class=\"panel-grid-cell panel-grid-cell-mobile-last\" ><div id=\"panel-18372-7-1-0\" class=\"so-panel widget widget_sow-button panel-first-child panel-last-child\" data-index=\"8\" ><div\n\t\t\t\n\t\t\tclass=\"so-widget-sow-button so-widget-sow-button-flat-28afe7820711-18372\"\n\t\t\t\n\t\t><div class=\"ow-button-base ow-button-align-center\"\n>\n\t\t\t<a\n\t\t\t\t\thref=\"mailto:info@annamcara.ch?subject=Interesse%20Individuelle%20Ausbildung%20Schamanismus%20bei%20Anna&#039;mCara\"\n\t\t\t\t\tclass=\"sowb-button ow-icon-placement-left ow-button-hover\" target=\"_blank\" rel=\"noopener noreferrer\" \t>\n\t\t<span>\n\t\t\t\n\t\t\tIch bin interessiert...\t\t<\/span>\n\t\t\t<\/a>\n\t<\/div>\n<\/div><\/div><\/div><div id=\"pgc-18372-7-2\"  class=\"panel-grid-cell panel-grid-cell-empty\" ><\/div><\/div><div id=\"pg-18372-8\"  class=\"panel-grid panel-no-style\" ><div id=\"pgc-18372-8-0\"  class=\"panel-grid-cell\" ><div id=\"panel-18372-8-0-0\" class=\"so-panel widget widget_sow-editor panel-first-child panel-last-child\" data-index=\"9\" ><div\n\t\t\t\n\t\t\tclass=\"so-widget-sow-editor so-widget-sow-editor-base\"\n\t\t\t\n\t\t>\n<div class=\"siteorigin-widget-tinymce textwidget\">\n\t<hr \/>\n<\/div>\n<\/div><\/div><\/div><\/div><div id=\"pg-18372-9\"  class=\"panel-grid panel-no-style\" ><div id=\"pgc-18372-9-0\"  class=\"panel-grid-cell\" ><div id=\"panel-18372-9-0-0\" class=\"so-panel widget widget_sow-image panel-first-child panel-last-child\" data-index=\"10\" ><div\n\t\t\t\n\t\t\tclass=\"so-widget-sow-image so-widget-sow-image-default-8b5b6f678277-18372\"\n\t\t\t\n\t\t>\n<div class=\"sow-image-container\">\n\t\t<img \n\tsrc=\"https:\/\/annamcara.ch\/htm\/wp-content\/uploads\/AnnamCara-Seminar-Kelt-Scham-Ausbildung-Spruchbild-In-DIR.png\" width=\"900\" height=\"600\" srcset=\"https:\/\/annamcara.ch\/htm\/wp-content\/uploads\/AnnamCara-Seminar-Kelt-Scham-Ausbildung-Spruchbild-In-DIR.png 900w, https:\/\/annamcara.ch\/htm\/wp-content\/uploads\/AnnamCara-Seminar-Kelt-Scham-Ausbildung-Spruchbild-In-DIR-300x200.png 300w, https:\/\/annamcara.ch\/htm\/wp-content\/uploads\/AnnamCara-Seminar-Kelt-Scham-Ausbildung-Spruchbild-In-DIR-768x512.png 768w, https:\/\/annamcara.ch\/htm\/wp-content\/uploads\/AnnamCara-Seminar-Kelt-Scham-Ausbildung-Spruchbild-In-DIR-272x182.png 272w\" sizes=\"(max-width: 706px) 89vw, (max-width: 767px) 82vw, 740px\" title=\"Anna&#039;mCara - Ausbildung - Keltisch-schamanische Ausbildung - Spruchbild - IN DIR\" alt=\"Anna&#039;mCara - Ausbildung - Keltisch-schamanische Ausbildung - Spruchbild - IN DIR\" \t\tclass=\"so-widget-image\"\/>\n\t<\/div>\n\n<\/div><\/div><\/div><div id=\"pgc-18372-9-1\"  class=\"panel-grid-cell\" ><div id=\"panel-18372-9-1-0\" class=\"so-panel widget widget_sow-image panel-first-child panel-last-child\" data-index=\"11\" ><div\n\t\t\t\n\t\t\tclass=\"so-widget-sow-image so-widget-sow-image-default-8b5b6f678277-18372\"\n\t\t\t\n\t\t>\n<div class=\"sow-image-container\">\n\t\t<img \n\tsrc=\"https:\/\/annamcara.ch\/htm\/wp-content\/uploads\/AnnamCara-Seminar-Kelt-Scham-Ausbildung-Weisheit-In-DIR.png\" width=\"900\" height=\"600\" srcset=\"https:\/\/annamcara.ch\/htm\/wp-content\/uploads\/AnnamCara-Seminar-Kelt-Scham-Ausbildung-Weisheit-In-DIR.png 900w, https:\/\/annamcara.ch\/htm\/wp-content\/uploads\/AnnamCara-Seminar-Kelt-Scham-Ausbildung-Weisheit-In-DIR-300x200.png 300w, https:\/\/annamcara.ch\/htm\/wp-content\/uploads\/AnnamCara-Seminar-Kelt-Scham-Ausbildung-Weisheit-In-DIR-768x512.png 768w, https:\/\/annamcara.ch\/htm\/wp-content\/uploads\/AnnamCara-Seminar-Kelt-Scham-Ausbildung-Weisheit-In-DIR-272x182.png 272w\" sizes=\"(max-width: 706px) 89vw, (max-width: 767px) 82vw, 740px\" title=\"Anna&#039;mCara - Ausbildung - Keltisch-schamanische Ausbildung - Weisheit - IN DIR\" alt=\"Anna&#039;mCara - Ausbildung - Keltisch-schamanische Ausbildung - Weisheit - IN DIR\" \t\tclass=\"so-widget-image\"\/>\n\t<\/div>\n\n<\/div><\/div><\/div><\/div><div id=\"pg-18372-10\"  class=\"panel-grid panel-no-style\" ><div id=\"pgc-18372-10-0\"  class=\"panel-grid-cell\" ><div id=\"panel-18372-10-0-0\" class=\"so-panel widget widget_sow-editor panel-first-child panel-last-child\" data-index=\"12\" ><div\n\t\t\t\n\t\t\tclass=\"so-widget-sow-editor so-widget-sow-editor-base\"\n\t\t\t\n\t\t>\n<div class=\"siteorigin-widget-tinymce textwidget\">\n\t<hr \/>\n<\/div>\n<\/div><\/div><\/div><\/div><\/div>","protected":false},"excerpt":{"rendered":"<p>AUSBILDUNG: Individuelle Ausbildung &#8211; Dein schamanischer Weg Schamanisches Wissen \u2013 Kraftquelle und Lebenseinstellung Du bist auf deinem schamanischen Weg und m\u00f6chtest ganz individuell auf dich passend Wissen erlangen? Mehr und mehr Themen vertiefen und deinen ganz eigenen Pfad des Schamanismus beschreiten? Gerne stehe ich an deiner Seite und f\u00fchre dich tiefer und tiefer in dein &hellip; <\/p>\n<p class=\"link-more\"><a href=\"https:\/\/annamcara.ch\/htm\/seminare\/individueller-schamanismus\/\" class=\"more-link\"><span class=\"screen-reader-text\">\u201eIndividueller Schamanismus\u201c<\/span> weiterlesen<\/a><\/p>\n","protected":false},"author":1,"featured_media":0,"parent":18710,"menu_order":2,"comment_status":"closed","ping_status":"closed","template":"","meta":{"ngg_post_thumbnail":0,"footnotes":""},"class_list":["post-18372","page","type-page","status-publish","hentry"],"_links":{"self":[{"href":"https:\/\/annamcara.ch\/htm\/wp-json\/wp\/v2\/pages\/18372","targetHints":{"allow":["GET"]}}],"collection":[{"href":"https:\/\/annamcara.ch\/htm\/wp-json\/wp\/v2\/pages"}],"about":[{"href":"https:\/\/annamcara.ch\/htm\/wp-json\/wp\/v2\/types\/page"}],"author":[{"embeddable":true,"href":"https:\/\/annamcara.ch\/htm\/wp-json\/wp\/v2\/users\/1"}],"replies":[{"embeddable":true,"href":"https:\/\/annamcara.ch\/htm\/wp-json\/wp\/v2\/comments?post=18372"}],"version-history":[{"count":15,"href":"https:\/\/annamcara.ch\/htm\/wp-json\/wp\/v2\/pages\/18372\/revisions"}],"predecessor-version":[{"id":19120,"href":"https:\/\/annamcara.ch\/htm\/wp-json\/wp\/v2\/pages\/18372\/revisions\/19120"}],"up":[{"embeddable":true,"href":"https:\/\/annamcara.ch\/htm\/wp-json\/wp\/v2\/pages\/18710"}],"wp:attachment":[{"href":"https:\/\/annamcara.ch\/htm\/wp-json\/wp\/v2\/media?parent=18372"}],"curies":[{"name":"wp","href":"https:\/\/api.w.org\/{rel}","templated":true}]}}